{"id":9677,"date":"2023-03-15T13:00:32","date_gmt":"2023-03-15T11:00:32","guid":{"rendered":"http:\/\/habitools.be\/habitools-2023\/"},"modified":"2023-10-11T15:47:12","modified_gmt":"2023-10-11T13:47:12","slug":"habitools-2023","status":"publish","type":"page","link":"https:\/\/habitools.be\/nl\/habitools-2023\/","title":{"rendered":"Habitools 2023 NL"},"content":{"rendered":"<p>[et_pb_section fb_built=&#8221;1&#8243; _builder_version=&#8221;4.16&#8243; _module_preset=&#8221;default&#8221; background_enable_color=&#8221;off&#8221; use_background_color_gradient=&#8221;on&#8221; background_color_gradient_stops=&#8221;#e43c39 0%|#cfc87d 100%&#8221; background_color_gradient_start=&#8221;#e43c39&#8243; background_color_gradient_end=&#8221;#cfc87d&#8221; bottom_divider_style=&#8221;ramp2&#8243; bottom_divider_color=&#8221;#cfc87d&#8221; locked=&#8221;off&#8221; global_colors_info=&#8221;{}&#8221;][et_pb_row _builder_version=&#8221;4.16&#8243; _module_preset=&#8221;default&#8221; global_colors_info=&#8221;{}&#8221;][et_pb_column type=&#8221;4_4&#8243; _builder_version=&#8221;4.16&#8243; _module_preset=&#8221;default&#8221; global_colors_info=&#8221;{}&#8221;][et_pb_text _builder_version=&#8221;4.16&#8243; _module_preset=&#8221;default&#8221; text_font=&#8221;Barlow Condensed||||||||&#8221; text_text_color=&#8221;#FFFFFF&#8221; text_font_size=&#8221;42px&#8221; text_orientation=&#8221;center&#8221; background_layout=&#8221;dark&#8221; custom_margin=&#8221;||16px|||&#8221; locked=&#8221;off&#8221; global_colors_info=&#8221;{}&#8221;]<\/p>\n<p><strong>Habitools 2023<\/strong><\/p>\n<p>&#8220;<span>Wonen is meer dan huisvesting alleen<\/span>&#8220;<\/p>\n<p>[\/et_pb_text][\/et_pb_column][\/et_pb_row][\/et_pb_section][et_pb_section fb_built=&#8221;1&#8243; _builder_version=&#8221;4.16&#8243; _module_preset=&#8221;default&#8221; use_background_color_gradient=&#8221;on&#8221; background_color_gradient_stops=&#8221;#cfc87d 0%|#ffffff 100%&#8221; background_color_gradient_start=&#8221;#cfc87d&#8221; background_color_gradient_end=&#8221;#ffffff&#8221; custom_padding=&#8221;0px||0px|||&#8221; locked=&#8221;off&#8221; global_colors_info=&#8221;{}&#8221;][et_pb_row _builder_version=&#8221;4.16&#8243; _module_preset=&#8221;default&#8221; max_width=&#8221;700px&#8221; module_alignment=&#8221;center&#8221; custom_padding=&#8221;0px|||||&#8221; global_colors_info=&#8221;{}&#8221;][et_pb_column type=&#8221;4_4&#8243; _builder_version=&#8221;4.16&#8243; _module_preset=&#8221;default&#8221; global_colors_info=&#8221;{}&#8221;][et_pb_text _builder_version=&#8221;4.21.0&#8243; _module_preset=&#8221;default&#8221; hover_enabled=&#8221;0&#8243; global_colors_info=&#8221;{}&#8221; sticky_enabled=&#8221;0&#8243;]<\/p>\n<p>De tentoonstelling Habitools 2023 vond plaats op dinsdag 23 mei 2023 in het Circularium in Anderlecht.<\/p>\n<p>Het Salon Habitools 2023 blijft de effectiviteit van het recht op huisvesting in Brussel in vraag stellen.\u00a0 Maar biedt ook de gelegenheid om andere kwesties in verband met huisvesting in de stad en de creatie van woningen te begrijpen en te ontdekken; voor meer harmonie, cohesie, rechtvaardigheid en welzijn voor de bewoners. Huisvesting is misschien geen doel op zich\u2026<\/p>\n<p>Er werden verschillende conferenties en animaties georganiseerd, was het met de mogelijkheid om verenigingen op het terrein te ontmoeten en pedagogische instrumenten te ontdekken.&#8221;Gezelligheid&#8221;, &#8220;uitwisselingen&#8221; en &#8220;mobilisatie&#8221; zijn de onderdelen van deze dag.<\/p>\n<p>[\/et_pb_text][\/et_pb_column][\/et_pb_row][\/et_pb_section][et_pb_section fb_built=&#8221;1&#8243; _builder_version=&#8221;4.16&#8243; _module_preset=&#8221;default&#8221; min_height=&#8221;830.9px&#8221; custom_padding=&#8221;0px|0px|44px|||&#8221; locked=&#8221;off&#8221; global_colors_info=&#8221;{}&#8221;][et_pb_row column_structure=&#8221;1_2,1_2&#8243; _builder_version=&#8221;4.16&#8243; _module_preset=&#8221;default&#8221; min_height=&#8221;835.8px&#8221; global_colors_info=&#8221;{}&#8221;][et_pb_column type=&#8221;1_2&#8243; _builder_version=&#8221;4.16&#8243; _module_preset=&#8221;default&#8221; global_colors_info=&#8221;{}&#8221;][et_pb_text _builder_version=&#8221;4.21.0&#8243; _module_preset=&#8221;default&#8221; global_colors_info=&#8221;{}&#8221;]<\/p>\n<p><strong>30 verenigingen en 1 administratie<\/strong> zullen aanwezig zijn om hun instrumenten te presenteren:<\/p>\n<ol>\n<li style=\"list-style-type: none;\">\n<ol>\n<li>Angela D.<\/li>\n<li>Bonnevie<\/li>\n<li>Brussels Huisvesting<\/li>\n<li><span>Brusselse Federatie van Unie voor de Huisvesting (BFUH)<\/span><\/li>\n<li>CAFA<\/li>\n<li>Comme chez nous<\/li>\n<li>Convivence<\/li>\n<li>Convivial<\/li>\n<li>COOP Brussels<\/li>\n<li>Cultures &amp; Sant\u00e9<\/li>\n<li>&#8216;t Eilandje<\/li>\n<li>Espace Environnement<\/li>\n<li>Federatie van de Maatschappelijke Diensten\u00a0(FDSS)<\/li>\n<li>F\u00e9d\u00e9ration Infor Jeunes Wallonie-Bruxelles<\/li>\n<li>Habitat &amp; Participation<\/li>\n<li>Habitat &amp; R\u00e9novation<\/li>\n<li>Helder Recht<\/li>\n<li>Homegrade<\/li>\n<li>Infor Jeunes Bruxelles<\/li>\n<li>La Rue<\/li>\n<li>Laag-Molenbeek Gezond! (Logo Brussel)<\/li>\n<li>Leefmilieu Brussel &#8211; BIM &#8211; Dienst RCIB<\/li>\n<li>Lire &amp; \u00c9crire<\/li>\n<li>Netwerk Wonen<\/li>\n<li>Orbit vzw<\/li>\n<li>Rassemblement des Associations de Promotion du Logement (RAPeL)<\/li>\n<li>Renovinsert &#8211; Espace Social T\u00e9l\u00e9-Service<\/li>\n<li>Straatverplegers<\/li>\n<li>Syndicat des Immenses<\/li>\n<li>Union Nationale des Comit\u00e9s Locaux pour le Logement Autonome des Jeunes (UNCLLAJ) &#8211; Frankrijk<\/li>\n<li>UNIA<\/li>\n<\/ol>\n<\/li>\n<\/ol>\n<p>[\/et_pb_text][\/et_pb_column][et_pb_column type=&#8221;1_2&#8243; _builder_version=&#8221;4.16&#8243; _module_preset=&#8221;default&#8221; global_colors_info=&#8221;{}&#8221;][et_pb_text _builder_version=&#8221;4.21.0&#8243; _module_preset=&#8221;default&#8221; global_colors_info=&#8221;{}&#8221;]<\/p>\n<p style=\"text-align: center;\"><span style=\"color: #000000;\"><i>De conferenties, animaties en workshops worden in het Frans gegeven.<\/i><\/span><\/p>\n<p><span style=\"text-decoration: underline;\">Conferenties :<\/span><\/p>\n<ul>\n<li>10u &#8211; 11u30 :<strong> \u00ab Wonen is meer dan huisvesting \u00bb\u00a0<\/strong>\u00a0&#8211;\u00a0 Clara Adler, Caroline Ganna en H\u00e9l\u00e8ne Van Ngoc van Habitat &amp; Participation<br \/><em>Hoewel de termen &#8220;huisvesting&#8221; en &#8220;wonen&#8221; op elkaar lijken, hebben ze zeer verschillende betekenissen.<br \/><\/em><em>&#8220;Huisvesting&#8221; verwijst naar het vinden van een plek om te wonen, meestal een huis of flat, en het betalen voor die huisvesting.<br \/><\/em><em>Aan de andere kant betekent &#8220;wonen&#8221;, van de wortel &#8220;Habere&#8221;, een plaats tot de zijne maken.\u00a0 Wonen is specifiek voor de persoonlijke ervaring om op een plaats te wonen en deze thuis te noemen. Het gaat erom een gevoel van thuis te cre\u00ebren, zich aan te passen aan de omgeving, zijn privacy te beschermen en gewoonten en routines te ontwikkelen om zich comfortabel en gelukkig te voelen op die plek.<br \/><\/em><em>Wonen&#8221; is dus een bredere term en omvat de hele ervaring van het leven op een plaats, terwijl &#8220;huisvesting&#8221; meer gericht is op de praktische kant van het vinden van een plaats om te wonen en zich te vestigen.<br \/><\/em><em>Dit onderscheid is belangrijk, vooral vandaag de dag in de vele situaties van &#8220;slechte huisvesting&#8221; die we meemaken. We zullen terugkomen op deze verschillende termen en op de verschillende manieren van huisvesting en wonen.<\/em><\/li>\n<li>12u45 &#8211; 14h30 : Documentaire \u2013 <strong>\u00ab Les villes succombent aussi \u00bb <\/strong>&#8211; Presentatie door de regisseur Manuel Hanot (te bevestigen) + voorstelling van de missies van Convivence\/Samenleven door Sandrine Couturier, directrice van Convivence\/Samenleven.<br \/><em>De kortfilm, geregisseerd door Manuel Hanot in samenwerking met de vzw Convivence\/Samenleven, speelt zich af in Brussel, in de wijk Anneessens. <\/em><em>Deze vereniging strijdt al meer dan 30 jaar tegen slechte huisvesting in een vastgoedmarkt die steeds ontoegankelijker wordt voor de meest kwetsbaren. Sociaal werkers en architecten begeleiden huurders en bescheiden eigenaars in hun strijd voor een waardiger woning en een plaats in de transformatie van hun wijk. Naast de individuele situaties stelt de film de vraag naar de toekomst van Brussel. Wie zal in de stad van morgen kunnen wonen, tegen welke prijs en welke lucht inademen?<\/em><\/li>\n<li>15u &#8211; 16u30 : <strong>&#8220;De ge\u00efntegreerde lokale ontwikkeling&#8221;<\/strong> \u00a0&#8211; Netwerk Wonen<br \/><em>Het Netwerk Wonen is een netwerk van 9 verenigingen die actief zijn op het gebied van stadsvernieuwing in Brussel.<br \/><\/em><em>Deze 9 verenigingen begeleiden de inwoners van Brussel om hun huisvesting te verbeteren door middel van advies over renovatie en rationeel energiegebruik.<br \/><\/em><em>Maar net zoals &#8220;wonen meer is dan huisvesting&#8221;, houden onze missies niet op bij huisvestingsadvies. <span>Via onze ge\u00efntegreerde lokale ontwikkelingstaken ondersteunen we de bewoners ook in hun betrokkenheid bij de buurt. <\/span><\/em><em>Dit werk kan vele vormen aannemen, van informatie en bewustmaking over bestaande participatieprocessen (meestal via wijkcontracten of openbare onderzoeken), over ondersteuning van burgerdynamiek, tot de uitvoering van projecten voor de wijk (collectieve moestuinen bijvoorbeeld).<br \/><\/em><em><span>Het zijn deze acties en enkele van deze concrete voorbeelden die wij u willen presenteren op het Salon Habitools van dit jaar.<\/span><\/em><\/li>\n<\/ul>\n<p><span style=\"text-decoration: underline;\">Animaties en workshops :<\/span><\/p>\n<ul>\n<li>11u30 &#8211; 12u30 : Collectieve gesticulatie conferentie : <strong>\u00ab Les probl\u00e9matiques structurelles du march\u00e9 locatif \u00bb<\/strong> &#8211; Sarah De Laet<br \/><em>De collectieve gebarenconferentie is tegelijk een voorstelling, een animatie en een politieke reflectie, kortom een moment van volksopvoeding.<br \/><\/em><em>Het principe: beginnen met anekdotes over onze woonkansen en -ellende om zo inhoud te geven aan een kritische analyse van de werking van de huurmarkt. Met andere woorden: onze &#8220;warme kennis&#8221; en een beetje &#8220;koude kennis&#8221; samenvoegen en collectief begrijpen wat ons overkomt.<br \/><\/em><em>Het doel is om dit instrument mee naar huis te nemen en te gebruiken bij andere groepen.<\/em><\/li>\n<li><strong>&#8220;R\u00e9soudre les probl\u00e8mes de logement&#8221;<\/strong> &#8211; Bart Hofman\u00a0 van COOP Brussel<br \/><em>Coop presenteert een korte versie van hun atelier &#8220;Oplossingen voor woonproblemen\u201d.<br \/><\/em><em>Kom en ervaar de evolutie van de verschillende types husivesting sinds 1860 in verband met de industri\u00eble revolutie.<br \/><\/em><em>Dit atelier behandelt de geschiedenis van de huisvesting in Brussel sinds het begin van de industrialisering.<br \/><\/em><em>Vele actoren, zowel priv\u00e9 als publiek, blijven strijden voor het recht op een degelijke en betaalbare huisvesting.<br \/><\/em><em>Tijdens deze workshop proberen we de volgende vragen te beantwoorden: &#8220;Wat is sociale huisvesting?&#8221;; &#8220;Wat betekent &#8216;wonen&#8217;, &#8216;huis&#8217;, &#8216;thuis&#8217;?<br \/><\/em><em>Atelier met rollenspel van de verschillende soorten huisvesting.<\/em><strong><\/strong><\/li>\n<li><strong>&#8220;R\u00e9soudre les probl\u00e8mes de logement&#8221;<\/strong> door Bart Hofman van COOP<em><br \/>Tussen 14u00 en 17u00 uur presenteert COOP een korte versie van hun workshop &#8220;R\u00e9soudre les probl\u00e8mes de logement&#8221;.<\/em><\/li>\n<li><strong>&#8220;La discrimination au logement. Comment amener les preuves?&#8221;<\/strong> door Ana\u00efs Lefr\u00e8re en S\u00e9bastien Bocket van UNIA.<\/li>\n<li><strong>&#8220;Escape Game du logement&#8221;<\/strong> door RAPeL<\/li>\n<\/ul>\n<p>[\/et_pb_text][\/et_pb_column][\/et_pb_row][\/et_pb_section][et_pb_section fb_built=&#8221;1&#8243; _builder_version=&#8221;4.16&#8243; _module_preset=&#8221;default&#8221; use_background_color_gradient=&#8221;on&#8221; background_color_gradient_stops=&#8221;#ffffff 0%|#cfc87d 100%&#8221; background_color_gradient_start=&#8221;#ffffff&#8221; background_color_gradient_end=&#8221;#cfc87d&#8221; custom_padding=&#8221;0px|||||&#8221; locked=&#8221;off&#8221; global_colors_info=&#8221;{}&#8221;][et_pb_row _builder_version=&#8221;4.16&#8243; _module_preset=&#8221;default&#8221; max_width=&#8221;700px&#8221; module_alignment=&#8221;center&#8221; custom_padding=&#8221;0px|||||&#8221; locked=&#8221;off&#8221; global_colors_info=&#8221;{}&#8221;][et_pb_column type=&#8221;4_4&#8243; _builder_version=&#8221;4.16&#8243; _module_preset=&#8221;default&#8221; global_colors_info=&#8221;{}&#8221;][et_pb_text _builder_version=&#8221;4.16&#8243; _module_preset=&#8221;default&#8221; global_colors_info=&#8221;{}&#8221;]<\/p>\n<h1><a href=\"http:\/\/rbdh-bbrow.be\/habiter-titre-provisoire\/\"><img loading=\"lazy\" decoding=\"async\" style=\"display: block; margin-left: auto; margin-right: auto;\" src=\"http:\/\/rbdh-bbrow.be\/IMG\/pdf\/Event-FB-7.png\" width=\"370\" height=\"208\" \/><\/a><\/h1>\n<h1><\/h1>\n<h1>Tentoonstelling \u00ab HABITER. (titre provisoire) \u00bb<\/h1>\n<p><strong>Immersieve expositie FR | NL | ENGL<\/strong><br \/><strong>Portretten en audiofragmenten over het recht op wonen in Brussel<\/strong><\/p>\n<p><em>Simona, Jules, Sofie of Mohamed. Zoveel manieren van leven in de stad, van lijden of verzet, van overleven of aanpassen.<\/em><\/p>\n<p><em>Deze reizende expo is een uitnodiging om hen te ontmoeten. Ieder portret is voorzien van een audiofragment dat u kan beluisteren via de voorziene hoofdtelefoons of via uw smartphone en QR-code.<\/em><\/p>\n<p><em>Deze getuigenissen zijn een sleutel om beter begrijpen hoe het is om in Brussel te wonen, wat de maatschappelijke problemen en uitdagingen zijn die onze hoofdstad langzaam maar ingrijpend veranderen. \u00a0Het recht op een behoorlijke en betaalbare woning is een fundamenteel recht dat is ingeschreven in Art. 23 van de Belgische grondwet.\u00a0 Maar dit levensbelangrijke recht wordt vandaag nog veel te veel geschonde<\/em>n.<\/p>\n<p>[\/et_pb_text][et_pb_divider show_divider=&#8221;off&#8221; _builder_version=&#8221;4.16&#8243; _module_preset=&#8221;default&#8221; global_colors_info=&#8221;{}&#8221;][\/et_pb_divider][\/et_pb_column][\/et_pb_row][\/et_pb_section]<\/p>\n","protected":false},"excerpt":{"rendered":"<p>Habitools 2023 &#8220;Wonen is meer dan huisvesting alleen&#8221;De tentoonstelling Habitools 2023 vond plaats op dinsdag 23 mei 2023 in het Circularium in Anderlecht. Het Salon Habitools 2023 blijft de effectiviteit van het recht op huisvesting in Brussel in vraag stellen.\u00a0 Maar biedt ook de gelegenheid om andere kwesties in verband met huisvesting in de stad [&hellip;]<\/p>\n","protected":false},"author":34,"featured_media":0,"parent":0,"menu_order":0,"comment_status":"closed","ping_status":"closed","template":"","meta":{"_et_pb_use_builder":"on","_et_pb_old_content":"","_et_gb_content_width":"","footnotes":""},"class_list":["post-9677","page","type-page","status-publish","hentry"],"yoast_head":"<!-- This site is optimized with the Yoast SEO plugin v27.5 - https:\/\/yoast.com\/product\/yoast-seo-wordpress\/ -->\n<title>Habitools 2023 NL - Habitools<\/title>\n<meta name=\"robots\" content=\"index, follow, max-snippet:-1, max-image-preview:large, max-video-preview:-1\" \/>\n<link rel=\"canonical\" href=\"https:\/\/habitools.be\/habitools-2023\/\" \/>\n<meta property=\"og:locale\" content=\"nl_NL\" \/>\n<meta property=\"og:type\" content=\"article\" \/>\n<meta property=\"og:title\" content=\"Habitools 2023 NL - Habitools\" \/>\n<meta property=\"og:description\" content=\"Habitools 2023 &quot;Wonen is meer dan huisvesting alleen&quot;De tentoonstelling Habitools 2023 vond plaats op dinsdag 23 mei 2023 in het Circularium in Anderlecht. Het Salon Habitools 2023 blijft de effectiviteit van het recht op huisvesting in Brussel in vraag stellen.\u00a0 Maar biedt ook de gelegenheid om andere kwesties in verband met huisvesting in de stad [&hellip;]\" \/>\n<meta property=\"og:url\" content=\"https:\/\/habitools.be\/habitools-2023\/\" \/>\n<meta property=\"og:site_name\" content=\"Habitools\" \/>\n<meta property=\"article:modified_time\" content=\"2023-10-11T13:47:12+00:00\" \/>\n<meta property=\"og:image\" content=\"http:\/\/rbdh-bbrow.be\/IMG\/pdf\/Event-FB-7.png\" \/>\n<meta name=\"twitter:card\" content=\"summary_large_image\" \/>\n<meta name=\"twitter:label1\" content=\"Est. reading time\" \/>\n\t<meta name=\"twitter:data1\" content=\"11 minutes\" \/>\n<script type=\"application\/ld+json\" class=\"yoast-schema-graph\">{\"@context\":\"https:\\\/\\\/schema.org\",\"@graph\":[{\"@type\":\"WebPage\",\"@id\":\"https:\\\/\\\/habitools.be\\\/habitools-2023\\\/\",\"url\":\"https:\\\/\\\/habitools.be\\\/habitools-2023\\\/\",\"name\":\"Habitools 2023 NL - Habitools\",\"isPartOf\":{\"@id\":\"https:\\\/\\\/habitools.be\\\/#website\"},\"primaryImageOfPage\":{\"@id\":\"https:\\\/\\\/habitools.be\\\/habitools-2023\\\/#primaryimage\"},\"image\":{\"@id\":\"https:\\\/\\\/habitools.be\\\/habitools-2023\\\/#primaryimage\"},\"thumbnailUrl\":\"http:\\\/\\\/rbdh-bbrow.be\\\/IMG\\\/pdf\\\/Event-FB-7.png\",\"datePublished\":\"2023-03-15T11:00:32+00:00\",\"dateModified\":\"2023-10-11T13:47:12+00:00\",\"breadcrumb\":{\"@id\":\"https:\\\/\\\/habitools.be\\\/habitools-2023\\\/#breadcrumb\"},\"inLanguage\":\"nl-NL\",\"potentialAction\":[{\"@type\":\"ReadAction\",\"target\":[\"https:\\\/\\\/habitools.be\\\/habitools-2023\\\/\"]}]},{\"@type\":\"ImageObject\",\"inLanguage\":\"nl-NL\",\"@id\":\"https:\\\/\\\/habitools.be\\\/habitools-2023\\\/#primaryimage\",\"url\":\"http:\\\/\\\/rbdh-bbrow.be\\\/IMG\\\/pdf\\\/Event-FB-7.png\",\"contentUrl\":\"http:\\\/\\\/rbdh-bbrow.be\\\/IMG\\\/pdf\\\/Event-FB-7.png\"},{\"@type\":\"BreadcrumbList\",\"@id\":\"https:\\\/\\\/habitools.be\\\/habitools-2023\\\/#breadcrumb\",\"itemListElement\":[{\"@type\":\"ListItem\",\"position\":1,\"name\":\"Accueil\",\"item\":\"https:\\\/\\\/habitools.be\\\/nl\\\/\"},{\"@type\":\"ListItem\",\"position\":2,\"name\":\"Habitools 2023 NL\"}]},{\"@type\":\"WebSite\",\"@id\":\"https:\\\/\\\/habitools.be\\\/#website\",\"url\":\"https:\\\/\\\/habitools.be\\\/\",\"name\":\"Habitools\",\"description\":\"Habitools est un inventaire des outils que les associations ont \u00e9t\u00e9 amen\u00e9s \u00e0 d\u00e9velopper dans leur pratique quotidienne afin de sensibiliser leurs publics \u00e0 bien habiter. Ces outils de sensibilisation touchent diff\u00e9rents th\u00e8mes, entre autres les pollutions int\u00e9rieures, les strat\u00e9gies de consommation durable, les droits et devoirs des locataires et des propri\u00e9taires, la recherche de logement, etc.\",\"publisher\":{\"@id\":\"https:\\\/\\\/habitools.be\\\/#organization\"},\"potentialAction\":[{\"@type\":\"SearchAction\",\"target\":{\"@type\":\"EntryPoint\",\"urlTemplate\":\"https:\\\/\\\/habitools.be\\\/?s={search_term_string}\"},\"query-input\":{\"@type\":\"PropertyValueSpecification\",\"valueRequired\":true,\"valueName\":\"search_term_string\"}}],\"inLanguage\":\"nl-NL\"},{\"@type\":\"Organization\",\"@id\":\"https:\\\/\\\/habitools.be\\\/#organization\",\"name\":\"Habitools\",\"url\":\"https:\\\/\\\/habitools.be\\\/\",\"logo\":{\"@type\":\"ImageObject\",\"inLanguage\":\"nl-NL\",\"@id\":\"https:\\\/\\\/habitools.be\\\/#\\\/schema\\\/logo\\\/image\\\/\",\"url\":\"http:\\\/\\\/habitools.be\\\/wp-content\\\/uploads\\\/2021\\\/06\\\/salon-habitools1.png\",\"contentUrl\":\"http:\\\/\\\/habitools.be\\\/wp-content\\\/uploads\\\/2021\\\/06\\\/salon-habitools1.png\",\"width\":250,\"height\":250,\"caption\":\"Habitools\"},\"image\":{\"@id\":\"https:\\\/\\\/habitools.be\\\/#\\\/schema\\\/logo\\\/image\\\/\"}}]}<\/script>\n<!-- \/ Yoast SEO plugin. -->","yoast_head_json":{"title":"Habitools 2023 NL - Habitools","robots":{"index":"index","follow":"follow","max-snippet":"max-snippet:-1","max-image-preview":"max-image-preview:large","max-video-preview":"max-video-preview:-1"},"canonical":"https:\/\/habitools.be\/habitools-2023\/","og_locale":"nl_NL","og_type":"article","og_title":"Habitools 2023 NL - Habitools","og_description":"Habitools 2023 \"Wonen is meer dan huisvesting alleen\"De tentoonstelling Habitools 2023 vond plaats op dinsdag 23 mei 2023 in het Circularium in Anderlecht. Het Salon Habitools 2023 blijft de effectiviteit van het recht op huisvesting in Brussel in vraag stellen.\u00a0 Maar biedt ook de gelegenheid om andere kwesties in verband met huisvesting in de stad [&hellip;]","og_url":"https:\/\/habitools.be\/habitools-2023\/","og_site_name":"Habitools","article_modified_time":"2023-10-11T13:47:12+00:00","og_image":[{"url":"http:\/\/rbdh-bbrow.be\/IMG\/pdf\/Event-FB-7.png","type":"","width":"","height":""}],"twitter_card":"summary_large_image","twitter_misc":{"Est. reading time":"11 minutes"},"schema":{"@context":"https:\/\/schema.org","@graph":[{"@type":"WebPage","@id":"https:\/\/habitools.be\/habitools-2023\/","url":"https:\/\/habitools.be\/habitools-2023\/","name":"Habitools 2023 NL - Habitools","isPartOf":{"@id":"https:\/\/habitools.be\/#website"},"primaryImageOfPage":{"@id":"https:\/\/habitools.be\/habitools-2023\/#primaryimage"},"image":{"@id":"https:\/\/habitools.be\/habitools-2023\/#primaryimage"},"thumbnailUrl":"http:\/\/rbdh-bbrow.be\/IMG\/pdf\/Event-FB-7.png","datePublished":"2023-03-15T11:00:32+00:00","dateModified":"2023-10-11T13:47:12+00:00","breadcrumb":{"@id":"https:\/\/habitools.be\/habitools-2023\/#breadcrumb"},"inLanguage":"nl-NL","potentialAction":[{"@type":"ReadAction","target":["https:\/\/habitools.be\/habitools-2023\/"]}]},{"@type":"ImageObject","inLanguage":"nl-NL","@id":"https:\/\/habitools.be\/habitools-2023\/#primaryimage","url":"http:\/\/rbdh-bbrow.be\/IMG\/pdf\/Event-FB-7.png","contentUrl":"http:\/\/rbdh-bbrow.be\/IMG\/pdf\/Event-FB-7.png"},{"@type":"BreadcrumbList","@id":"https:\/\/habitools.be\/habitools-2023\/#breadcrumb","itemListElement":[{"@type":"ListItem","position":1,"name":"Accueil","item":"https:\/\/habitools.be\/nl\/"},{"@type":"ListItem","position":2,"name":"Habitools 2023 NL"}]},{"@type":"WebSite","@id":"https:\/\/habitools.be\/#website","url":"https:\/\/habitools.be\/","name":"Habitools","description":"Habitools est un inventaire des outils que les associations ont \u00e9t\u00e9 amen\u00e9s \u00e0 d\u00e9velopper dans leur pratique quotidienne afin de sensibiliser leurs publics \u00e0 bien habiter. Ces outils de sensibilisation touchent diff\u00e9rents th\u00e8mes, entre autres les pollutions int\u00e9rieures, les strat\u00e9gies de consommation durable, les droits et devoirs des locataires et des propri\u00e9taires, la recherche de logement, etc.","publisher":{"@id":"https:\/\/habitools.be\/#organization"},"potentialAction":[{"@type":"SearchAction","target":{"@type":"EntryPoint","urlTemplate":"https:\/\/habitools.be\/?s={search_term_string}"},"query-input":{"@type":"PropertyValueSpecification","valueRequired":true,"valueName":"search_term_string"}}],"inLanguage":"nl-NL"},{"@type":"Organization","@id":"https:\/\/habitools.be\/#organization","name":"Habitools","url":"https:\/\/habitools.be\/","logo":{"@type":"ImageObject","inLanguage":"nl-NL","@id":"https:\/\/habitools.be\/#\/schema\/logo\/image\/","url":"http:\/\/habitools.be\/wp-content\/uploads\/2021\/06\/salon-habitools1.png","contentUrl":"http:\/\/habitools.be\/wp-content\/uploads\/2021\/06\/salon-habitools1.png","width":250,"height":250,"caption":"Habitools"},"image":{"@id":"https:\/\/habitools.be\/#\/schema\/logo\/image\/"}}]}},"_links":{"self":[{"href":"https:\/\/habitools.be\/nl\/wp-json\/wp\/v2\/pages\/9677","targetHints":{"allow":["GET"]}}],"collection":[{"href":"https:\/\/habitools.be\/nl\/wp-json\/wp\/v2\/pages"}],"about":[{"href":"https:\/\/habitools.be\/nl\/wp-json\/wp\/v2\/types\/page"}],"author":[{"embeddable":true,"href":"https:\/\/habitools.be\/nl\/wp-json\/wp\/v2\/users\/34"}],"replies":[{"embeddable":true,"href":"https:\/\/habitools.be\/nl\/wp-json\/wp\/v2\/comments?post=9677"}],"version-history":[{"count":0,"href":"https:\/\/habitools.be\/nl\/wp-json\/wp\/v2\/pages\/9677\/revisions"}],"wp:attachment":[{"href":"https:\/\/habitools.be\/nl\/wp-json\/wp\/v2\/media?parent=9677"}],"curies":[{"name":"wp","href":"https:\/\/api.w.org\/{rel}","templated":true}]}}